{"id":11,"date":"2026-09-03T15:27:40","date_gmt":"2026-09-03T13:27:40","guid":{"rendered":"https:\/\/www.body-mindfulness.de\/?page_id=11"},"modified":"2026-09-03T18:44:53","modified_gmt":"2026-09-03T16:44:53","slug":"start","status":"publish","type":"page","link":"https:\/\/www.body-mindfulness.de\/","title":{"rendered":"Herzlich Willkommen!"},"content":{"rendered":"\n<div class=\"wp-block-group is-nowrap is-layout-flex wp-container-core-group-is-layout-8f761849 wp-block-group-is-layout-flex\">\n<figure class=\"wp-block-image size-thumbnail\"><img loading=\"lazy\" decoding=\"async\" width=\"150\" height=\"150\" src=\"https:\/\/www.body-mindfulness.de\/wp-content\/uploads\/2026\/09\/cropped-logo-visitenkarte-150x150.png\" alt=\"\" class=\"wp-image-45\" srcset=\"https:\/\/www.body-mindfulness.de\/wp-content\/uploads\/2026\/09\/cropped-logo-visitenkarte-150x150.png 150w, https:\/\/www.body-mindfulness.de\/wp-content\/uploads\/2026\/09\/cropped-logo-visitenkarte-100x100.png 100w, https:\/\/www.body-mindfulness.de\/wp-content\/uploads\/2026\/09\/cropped-logo-visitenkarte.png 250w\" sizes=\"auto, (max-width: 150px) 100vw, 150px\" \/><\/figure>\n\n\n\n<div class=\"wp-block-group has-medium-font-size\"><div class=\"wp-block-group__inner-container is-layout-constrained wp-block-group-is-layout-constrained\">\n<div class=\"wp-block-group is-vertical is-layout-flex wp-container-core-group-is-layout-4fc3f8e1 wp-block-group-is-layout-flex\">\n<div class=\"wp-block-group is-vertical is-layout-flex wp-container-core-group-is-layout-4fc3f8e1 wp-block-group-is-layout-flex\">\n<div class=\"wp-block-group is-vertical is-layout-flex wp-container-core-group-is-layout-4fc3f8e1 wp-block-group-is-layout-flex\">\n<h1 class=\"wp-block-heading has-medium-font-size\"><strong>Gesunder K\u00f6rper + Klarer Geist = Erf\u00fclltes Leben.<\/strong> <\/h1>\n\n\n\n<p class=\"wp-block-paragraph\"><strong>Das Lebensgl\u00fcck verbindet Menschen und Harmonie.<\/strong><\/p>\n<\/div>\n<\/div>\n<\/div>\n<\/div><\/div>\n<\/div>\n\n\n\n<p class=\"wp-block-paragraph\"><\/p>\n\n\n\n<p class=\"wp-block-paragraph\">Ich begleite Menschen dabei, durch bewusste K\u00f6rperhaltung und effiziente K\u00f6rperbewegung, geschulte K\u00f6rperwahrnehmung und aktive Achtsamkeit ihre k\u00f6rperliche Gesundheit, geistige Klarheit und innere Balance nachhaltig zu entwickeln.<\/p>\n\n\n\n<p class=\"wp-block-paragraph\">Mein Ansatz basiert auf \u00fcber 40 Jahren pers\u00f6nlicher Praxis des japanischen Kampfk\u00fcnste (Kendo und Kyudo) sowie den daraus gewonnenen Erkenntnissen \u00fcber die enge Verbindung von <strong>K\u00f6rper &amp; Geist<\/strong>. Im Mittelpunkt stehen <strong>eine nat\u00fcrliche Haltung, bewusste und effiziente Bewegung, innere Ruhe und volle Pr\u00e4senz im gegenw\u00e4rtigen Moment.<\/strong><\/p>\n\n\n\n<p class=\"wp-block-paragraph\">Ich nutze die Prinzipien und Erfahrungen, die ich \u00fcber Jahrzehnte intensiver Praxis und Lehrt\u00e4tigkeit entwickelt habe, als Grundlage meiner Arbeit als <strong>Body-Mindfulness Coach<\/strong>. Diese \u00fcbertrage ich auf alltagsnahe Methoden zur <strong>F\u00f6rderung von K\u00f6rperbewusstsein, mentaler Pr\u00e4senz und nachhaltiger Gesundheit<\/strong>.<\/p>\n\n\n\n<p class=\"wp-block-paragraph\">Wenn wir unseren K\u00f6rper besser wahrnehmen, Bewegungen bewusster und effizienter ausf\u00fchren und unseren Geist fokussieren, gewinnen wir mehr Ruhe, Aufmerksamkeit und Gelassenheit im Alltag. Dadurch st\u00e4rken wir nicht nur unser Wohlbefinden, unsere Gesundheit und Leistungsf\u00e4higkeit, sondern auch <strong>unsere F\u00e4higkeit, anderen Menschen mit Respekt, R\u00fccksichtnahme und Mitgef\u00fchl zu begegnen<\/strong>.<\/p>\n\n\n\n<h2 class=\"wp-block-heading\" style=\"font-size:16px\">Meine <strong>Vision<\/strong> ist es, Menschen zu inspirieren und zu unterst\u00fctzen, durch K\u00f6rperbewusstsein, achtsame Bewegung und mentale Pr\u00e4senz <strong>ein gesundes, erf\u00fclltes und gl\u00fcckliches Leben zu f\u00fchren<\/strong> \u2013 <strong>ein Leben lang<\/strong>. So entwickeln wir gemeinsam mehr Harmonie im pers\u00f6nlichen und beruflichen Umfeld und schaffen die Grundlage f\u00fcr <strong>gemeinsames Lebensgl\u00fcck<\/strong>.<\/h2>\n","protected":false},"excerpt":{"rendered":"<p>Gesunder K\u00f6rper + Klarer Geist = Erf\u00fclltes Leben. Das Lebensgl\u00fcck verbindet Menschen und Harmonie. Ich begleite Menschen dabei, durch bewusste K\u00f6rperhaltung und effiziente K\u00f6rperbewegung, geschulte K\u00f6rperwahrnehmung und aktive Achtsamkeit ihre k\u00f6rperliche Gesundheit, geistige Klarheit und innere Balance nachhaltig zu entwickeln. Mein Ansatz basiert auf \u00fcber 40 Jahren pers\u00f6nlicher Praxis des japanischen Kampfk\u00fcnste (Kendo und Kyudo) &hellip; <\/p>\n<p class=\"link-more\"><a href=\"https:\/\/www.body-mindfulness.de\/\" class=\"more-link\"><span class=\"screen-reader-text\">\u201eHerzlich Willkommen!\u201c <\/span>weiterlesen<\/a><\/p>\n","protected":false},"author":1,"featured_media":0,"parent":0,"menu_order":0,"comment_status":"closed","ping_status":"closed","template":"","meta":{"_monsterinsights_skip_tracking":false,"footnotes":""},"class_list":["post-11","page","type-page","status-publish","hentry"],"_links":{"self":[{"href":"https:\/\/www.body-mindfulness.de\/index.php?rest_route=\/wp\/v2\/pages\/11","targetHints":{"allow":["GET"]}}],"collection":[{"href":"https:\/\/www.body-mindfulness.de\/index.php?rest_route=\/wp\/v2\/pages"}],"about":[{"href":"https:\/\/www.body-mindfulness.de\/index.php?rest_route=\/wp\/v2\/types\/page"}],"author":[{"embeddable":true,"href":"https:\/\/www.body-mindfulness.de\/index.php?rest_route=\/wp\/v2\/users\/1"}],"replies":[{"embeddable":true,"href":"https:\/\/www.body-mindfulness.de\/index.php?rest_route=%2Fwp%2Fv2%2Fcomments&post=11"}],"version-history":[{"count":9,"href":"https:\/\/www.body-mindfulness.de\/index.php?rest_route=\/wp\/v2\/pages\/11\/revisions"}],"predecessor-version":[{"id":223,"href":"https:\/\/www.body-mindfulness.de\/index.php?rest_route=\/wp\/v2\/pages\/11\/revisions\/223"}],"wp:attachment":[{"href":"https:\/\/www.body-mindfulness.de\/index.php?rest_route=%2Fwp%2Fv2%2Fmedia&parent=11"}],"curies":[{"name":"wp","href":"https:\/\/api.w.org\/{rel}","templated":true}]}}